{"id":17246,"date":"2025-12-18T14:28:52","date_gmt":"2025-12-18T14:28:52","guid":{"rendered":"https:\/\/sabanadelamartours.com\/?post_type=product&#038;p=17246"},"modified":"2026-01-09T14:28:48","modified_gmt":"2026-01-09T14:28:48","slug":"visite-des-altos-de-chavon-depuis-punta-cana","status":"publish","type":"product","link":"https:\/\/sabanadelamartours.com\/fr\/tournee\/visite-des-altos-de-chavon-depuis-punta-cana\/","title":{"rendered":"Visite de Altos de Chav\u00f3n depuis Punta Cana"},"content":{"rendered":"<p>Embarquez pour une aventure inoubliable en vous immergeant dans la beaut\u00e9 \u00e9poustouflante qui nous entoure ! Chaque pas que nous faisons remplit nos c\u0153urs d'excitation et nos yeux de vues impressionnantes. En montant au sommet de la colline, le village pittoresque nous attend, nich\u00e9 au bord de la rivi\u00e8re Chav\u00f3n. La vue panoramique sur la rivi\u00e8re vierge et son environnement intact vous laissera bouche b\u00e9e !<\/p>\n<p>Nous nous prom\u00e8nerons dans les \u00e9troites ruelles pav\u00e9es du captivant village d'Altos de Chav\u00f3n, nous transportant dans le temps. Les maisons anciennes nous racontent des histoires d'antan, tandis que l'\u00e9glise et les fontaines cr\u00e9ent une ambiance magique. Mais ce n'est pas tout : notre destination d\u00e9voile \u00e9galement un amphith\u00e9\u00e2tre romain, un centre culturel et un mus\u00e9e arch\u00e9ologique !<\/p>\n<p>Pr\u00e9parez-vous \u00e0 vivre une exp\u00e9rience exaltante qui fera vibrer votre \u00e2me. Chaque recoin de ce lieu enchanteur regorge d'\u00e9motions et de d\u00e9couvertes. Sentez l'\u00e9nergie historique couler dans vos veines pendant que nous explorons ensemble les merveilles d'Altos de Chav\u00f3n !<\/p>","protected":false},"excerpt":{"rendered":"<div data-track=\"overview\" data-v-83a2b402=\"\">\n<section id=\"activity-overview\" class=\"activity-overview\" data-component=\"overview\" data-v-83a2b402=\"\" data-v-f3236c42=\"\">\n<p class=\"activity-overview__content\" data-test-id=\"activity-overview-content\" data-v-f3236c42=\"\">Une ville d'artistes de renomm\u00e9e mondiale ! Cette villa de style m\u00e9diterran\u00e9en, perch\u00e9e au-dessus de la majestueuse rivi\u00e8re Chavon en R\u00e9publique dominicaine, vous invite \u00e0 d\u00e9couvrir son charme irr\u00e9sistible.<\/p>\n<\/section>\n<\/div>\n<div data-track=\"key-details\" data-v-83a2b402=\"\"><\/div>","protected":false},"featured_media":17300,"template":"","meta":[],"product_brand":[],"product_cat":[97],"product_tag":[101,102],"class_list":{"0":"post-17246","1":"product","2":"type-product","3":"status-publish","4":"has-post-thumbnail","6":"product_cat-dominican-republic","7":"product_tag-excursion","8":"product_tag-tour","10":"first","11":"instock","12":"sale","13":"shipping-taxable","14":"product-type-external"},"_links":{"self":[{"href":"https:\/\/sabanadelamartours.com\/fr\/wp-json\/wp\/v2\/product\/17246","targetHints":{"allow":["GET"]}}],"collection":[{"href":"https:\/\/sabanadelamartours.com\/fr\/wp-json\/wp\/v2\/product"}],"about":[{"href":"https:\/\/sabanadelamartours.com\/fr\/wp-json\/wp\/v2\/types\/product"}],"version-history":[{"count":1,"href":"https:\/\/sabanadelamartours.com\/fr\/wp-json\/wp\/v2\/product\/17246\/revisions"}],"predecessor-version":[{"id":18773,"href":"https:\/\/sabanadelamartours.com\/fr\/wp-json\/wp\/v2\/product\/17246\/revisions\/18773"}],"wp:featuredmedia":[{"embeddable":true,"href":"https:\/\/sabanadelamartours.com\/fr\/wp-json\/wp\/v2\/media\/17300"}],"wp:attachment":[{"href":"https:\/\/sabanadelamartours.com\/fr\/wp-json\/wp\/v2\/media?parent=17246"}],"wp:term":[{"taxonomy":"product_brand","embeddable":true,"href":"https:\/\/sabanadelamartours.com\/fr\/wp-json\/wp\/v2\/product_brand?post=17246"},{"taxonomy":"product_cat","embeddable":true,"href":"https:\/\/sabanadelamartours.com\/fr\/wp-json\/wp\/v2\/product_cat?post=17246"},{"taxonomy":"product_tag","embeddable":true,"href":"https:\/\/sabanadelamartours.com\/fr\/wp-json\/wp\/v2\/product_tag?post=17246"}],"curies":[{"name":"wp","href":"https:\/\/api.w.org\/{rel}","templated":true}]}}